{"id":163,"date":"2023-06-05T12:26:21","date_gmt":"2023-06-05T12:26:21","guid":{"rendered":"http:\/\/fwztest.de\/?page_id=163"},"modified":"2026-03-09T17:06:01","modified_gmt":"2026-03-09T15:06:01","slug":"meine-welt-deine-welt-2","status":"publish","type":"page","link":"https:\/\/www.freiwilligen-zentrum-bayreuth.de\/wp\/meine-welt-deine-welt-2\/","title":{"rendered":"Meine Welt &#8211; Deine Welt"},"content":{"rendered":"\t\t<div data-elementor-type=\"wp-page\" data-elementor-id=\"163\" class=\"elementor elementor-163\">\n\t\t\t\t\t\t<section class=\"elementor-section elementor-top-section elementor-element elementor-element-8e0dc4c elementor-section-boxed elementor-section-height-default elementor-section-height-default\" data-id=\"8e0dc4c\" data-element_type=\"section\">\n\t\t\t\t\t\t<div class=\"elementor-container elementor-column-gap-default\">\n\t\t\t\t\t<div class=\"elementor-column elementor-col-100 elementor-top-column elementor-element elementor-element-c1f9a69\" data-id=\"c1f9a69\" data-element_type=\"column\">\n\t\t\t<div class=\"elementor-widget-wrap elementor-element-populated\">\n\t\t\t\t\t\t<div class=\"elementor-element elementor-element-6b435d0 elementor-widget elementor-widget-heading\" data-id=\"6b435d0\" data-element_type=\"widget\" data-widget_type=\"heading.default\">\n\t\t\t\t<div class=\"elementor-widget-container\">\n\t\t\t\t\t<h2 class=\"elementor-heading-title elementor-size-default\">Meine Welt - Deine Welt<\/h2>\t\t\t\t<\/div>\n\t\t\t\t<\/div>\n\t\t\t\t<section class=\"elementor-section elementor-inner-section elementor-element elementor-element-f54311e elementor-section-boxed elementor-section-height-default elementor-section-height-default\" data-id=\"f54311e\" data-element_type=\"section\">\n\t\t\t\t\t\t<div class=\"elementor-container elementor-column-gap-default\">\n\t\t\t\t\t<div class=\"elementor-column elementor-col-50 elementor-inner-column elementor-element elementor-element-2023290\" data-id=\"2023290\" data-element_type=\"column\">\n\t\t\t<div class=\"elementor-widget-wrap elementor-element-populated\">\n\t\t\t\t\t\t<div class=\"elementor-element elementor-element-f7aefce elementor-widget elementor-widget-text-editor\" data-id=\"f7aefce\" data-element_type=\"widget\" data-widget_type=\"text-editor.default\">\n\t\t\t\t<div class=\"elementor-widget-container\">\n\t\t\t\t\t\t\t\t\t<p><strong>Meine Welt \u2013 Deine Welt: Sprach- und Kulturvermittlung<\/strong><\/p><p>Wir wollen Migrantinnen und Migranten eine M\u00f6glichkeit geben, sich freiwillig zu engagieren, indem sie Kindern, Erwachsenen und \u00e4lteren Menschen ihr Heimatland auf individuelle und pers\u00f6nliche Weise vorstellen.<\/p><p>Mit Spielen, Liedern, Gedichten, Geschichten, der Sprache des jeweiligen Landes, typischer Kleidung oder Speisen werden den Interessierten die Br\u00e4uche und die Kultur des jeweiligen Landes n\u00e4her gebracht.<\/p><p>Mit diesem Angebot m\u00f6chten wir Migrantinnen und Migranten den Weg ins Ehrenamt erleichtern und gleichzeitig sowohl Kinder als auch Erwachsene und insbesondere \u00e4ltere Menschen f\u00fcr die Vielfalt in unserer Gesellschaft sensibilisieren und ihr Interesse an anderen Kulturen wecken.<\/p><p><strong>M\u00f6chten<\/strong> <strong>Sie ein Angebot vorbereiten und Ihr Herkunftsland vorstellen? <\/strong>Wir beraten Sie gerne, helfen bei der Erarbeitung Ihres Angebots und begleiten Sie zu Ihrem Einsatz.<\/p><p>Ansprechpartnerin des \u201eMeine Welt &#8211; Deine Welt\u201c Projekts:<\/p><p>Sarah B\u00f6llinger<\/p><p>Telefon: 0921 514116<br \/>Mobile: 0170 \/ 615 3215<br \/>Email: <a href=\"mailto:boellinger@freiwilligen-zentrum-bayreuth.de\">boellinger@freiwilligen-zentrum-bayreuth.de<\/a><\/p><p>\u00a0<\/p><p><strong>Interesse? Dann einfach im Freiwilligen Zentrum vorbei kommen und beraten lassen oder <a href=\"https:\/\/www.freiwilligen-zentrum-bayreuth.de\/wp\/kontakt\/\">kontaktieren Sie uns<\/a> direkt!<\/strong><\/p>\t\t\t\t\t\t\t\t<\/div>\n\t\t\t\t<\/div>\n\t\t\t\t\t<\/div>\n\t\t<\/div>\n\t\t\t\t<div class=\"elementor-column elementor-col-50 elementor-inner-column elementor-element elementor-element-49d6dfe\" data-id=\"49d6dfe\" data-element_type=\"column\">\n\t\t\t<div class=\"elementor-widget-wrap elementor-element-populated\">\n\t\t\t\t\t\t<div class=\"elementor-element elementor-element-0dfa3b2 elementor-arrows-position-inside elementor-pagination-position-outside elementor-widget elementor-widget-image-carousel\" data-id=\"0dfa3b2\" data-element_type=\"widget\" data-settings=\"{&quot;slides_to_show&quot;:&quot;2&quot;,&quot;autoplay&quot;:&quot;no&quot;,&quot;navigation&quot;:&quot;both&quot;,&quot;infinite&quot;:&quot;yes&quot;,&quot;speed&quot;:500}\" data-widget_type=\"image-carousel.default\">\n\t\t\t\t<div class=\"elementor-widget-container\">\n\t\t\t\t\t            <div class=\"elementor-image-carousel-wrapper swiper\" role=\"region\" aria-roledescription=\"carousel\" aria-label=\"Bild Karussell\" dir=\"ltr\">\n                <div class=\"elementor-image-carousel swiper-wrapper\" aria-live=\"polite\">\n\t\t\t\t\t\t\t\t\t\t<div class=\"swiper-slide\"><a data-elementor-open-lightbox=\"yes\" data-elementor-lightbox-slideshow=\"0dfa3b2\" data-elementor-lightbox-title=\"1\" data-e-action-hash=\"#elementor-action%3Aaction%3Dlightbox%26settings%3DeyJpZCI6NjIwMiwidXJsIjoiaHR0cHM6XC9cL3d3dy5mcmVpd2lsbGlnZW4temVudHJ1bS1iYXlyZXV0aC5kZVwvd3BcL3dwLWNvbnRlbnRcL3VwbG9hZHNcLzIwMjZcLzAzXC8xLnBuZyIsInNsaWRlc2hvdyI6IjBkZmEzYjIifQ%3D%3D\" href=\"https:\/\/www.freiwilligen-zentrum-bayreuth.de\/wp\/wp-content\/uploads\/2026\/03\/1.png\"><figure class=\"swiper-slide-inner\"><img decoding=\"async\" class=\"swiper-slide-image\" src=\"https:\/\/www.freiwilligen-zentrum-bayreuth.de\/wp\/wp-content\/uploads\/2026\/03\/1.png\" alt=\"1\" \/><\/figure><\/a><\/div><div class=\"swiper-slide\"><a data-elementor-open-lightbox=\"yes\" data-elementor-lightbox-slideshow=\"0dfa3b2\" data-elementor-lightbox-title=\"2\" data-e-action-hash=\"#elementor-action%3Aaction%3Dlightbox%26settings%3DeyJpZCI6NjIwMywidXJsIjoiaHR0cHM6XC9cL3d3dy5mcmVpd2lsbGlnZW4temVudHJ1bS1iYXlyZXV0aC5kZVwvd3BcL3dwLWNvbnRlbnRcL3VwbG9hZHNcLzIwMjZcLzAzXC8yLnBuZyIsInNsaWRlc2hvdyI6IjBkZmEzYjIifQ%3D%3D\" href=\"https:\/\/www.freiwilligen-zentrum-bayreuth.de\/wp\/wp-content\/uploads\/2026\/03\/2.png\"><figure class=\"swiper-slide-inner\"><img decoding=\"async\" class=\"swiper-slide-image\" src=\"https:\/\/www.freiwilligen-zentrum-bayreuth.de\/wp\/wp-content\/uploads\/2026\/03\/2.png\" alt=\"2\" \/><\/figure><\/a><\/div><div class=\"swiper-slide\"><a data-elementor-open-lightbox=\"yes\" data-elementor-lightbox-slideshow=\"0dfa3b2\" data-elementor-lightbox-title=\"4\" data-e-action-hash=\"#elementor-action%3Aaction%3Dlightbox%26settings%3DeyJpZCI6NjIwNCwidXJsIjoiaHR0cHM6XC9cL3d3dy5mcmVpd2lsbGlnZW4temVudHJ1bS1iYXlyZXV0aC5kZVwvd3BcL3dwLWNvbnRlbnRcL3VwbG9hZHNcLzIwMjZcLzAzXC80LnBuZyIsInNsaWRlc2hvdyI6IjBkZmEzYjIifQ%3D%3D\" href=\"https:\/\/www.freiwilligen-zentrum-bayreuth.de\/wp\/wp-content\/uploads\/2026\/03\/4.png\"><figure class=\"swiper-slide-inner\"><img decoding=\"async\" class=\"swiper-slide-image\" src=\"https:\/\/www.freiwilligen-zentrum-bayreuth.de\/wp\/wp-content\/uploads\/2026\/03\/4.png\" alt=\"4\" \/><\/figure><\/a><\/div><div class=\"swiper-slide\"><a data-elementor-open-lightbox=\"yes\" data-elementor-lightbox-slideshow=\"0dfa3b2\" data-elementor-lightbox-title=\"3\" data-e-action-hash=\"#elementor-action%3Aaction%3Dlightbox%26settings%3DeyJpZCI6NjIwNSwidXJsIjoiaHR0cHM6XC9cL3d3dy5mcmVpd2lsbGlnZW4temVudHJ1bS1iYXlyZXV0aC5kZVwvd3BcL3dwLWNvbnRlbnRcL3VwbG9hZHNcLzIwMjZcLzAzXC8zLnBuZyIsInNsaWRlc2hvdyI6IjBkZmEzYjIifQ%3D%3D\" href=\"https:\/\/www.freiwilligen-zentrum-bayreuth.de\/wp\/wp-content\/uploads\/2026\/03\/3.png\"><figure class=\"swiper-slide-inner\"><img decoding=\"async\" class=\"swiper-slide-image\" src=\"https:\/\/www.freiwilligen-zentrum-bayreuth.de\/wp\/wp-content\/uploads\/2026\/03\/3.png\" alt=\"3\" \/><\/figure><\/a><\/div><div class=\"swiper-slide\"><a data-elementor-open-lightbox=\"yes\" data-elementor-lightbox-slideshow=\"0dfa3b2\" data-elementor-lightbox-title=\"5\" data-e-action-hash=\"#elementor-action%3Aaction%3Dlightbox%26settings%3DeyJpZCI6NjIwMSwidXJsIjoiaHR0cHM6XC9cL3d3dy5mcmVpd2lsbGlnZW4temVudHJ1bS1iYXlyZXV0aC5kZVwvd3BcL3dwLWNvbnRlbnRcL3VwbG9hZHNcLzIwMjZcLzAzXC81LnBuZyIsInNsaWRlc2hvdyI6IjBkZmEzYjIifQ%3D%3D\" href=\"https:\/\/www.freiwilligen-zentrum-bayreuth.de\/wp\/wp-content\/uploads\/2026\/03\/5.png\"><figure class=\"swiper-slide-inner\"><img decoding=\"async\" class=\"swiper-slide-image\" src=\"https:\/\/www.freiwilligen-zentrum-bayreuth.de\/wp\/wp-content\/uploads\/2026\/03\/5.png\" alt=\"5\" \/><\/figure><\/a><\/div><div class=\"swiper-slide\"><a data-elementor-open-lightbox=\"yes\" data-elementor-lightbox-slideshow=\"0dfa3b2\" data-elementor-lightbox-title=\"6\" data-e-action-hash=\"#elementor-action%3Aaction%3Dlightbox%26settings%3DeyJpZCI6NjIwMCwidXJsIjoiaHR0cHM6XC9cL3d3dy5mcmVpd2lsbGlnZW4temVudHJ1bS1iYXlyZXV0aC5kZVwvd3BcL3dwLWNvbnRlbnRcL3VwbG9hZHNcLzIwMjZcLzAzXC82LnBuZyIsInNsaWRlc2hvdyI6IjBkZmEzYjIifQ%3D%3D\" href=\"https:\/\/www.freiwilligen-zentrum-bayreuth.de\/wp\/wp-content\/uploads\/2026\/03\/6.png\"><figure class=\"swiper-slide-inner\"><img decoding=\"async\" class=\"swiper-slide-image\" src=\"https:\/\/www.freiwilligen-zentrum-bayreuth.de\/wp\/wp-content\/uploads\/2026\/03\/6.png\" alt=\"6\" \/><\/figure><\/a><\/div>                <\/div>\n\t\t\t\t\t\t\t\t\t                        <div class=\"swiper-pagination\"><\/div>\n\t\t\t\t\t\t\t\t\t\t                        <div class=\"elementor-swiper-button elementor-swiper-button-prev\">\n                            <i class=\"eicon-chevron-left\" aria-hidden=\"true\"><\/i>\n                            <span class=\"elementor-screen-only\">Zur\u00fcck<\/span>\n                        <\/div>\n                        <div class=\"elementor-swiper-button elementor-swiper-button-next\">\n                            <i class=\"eicon-chevron-right\" aria-hidden=\"true\"><\/i>\n                            <span class=\"elementor-screen-only\">Weiter<\/span>\n                        <\/div>\n\t\t\t\t\t\t\t\t\t            <\/div>\n\t\t\t\t\t\t\t<\/div>\n\t\t\t\t<\/div>\n\t\t\t\t\t<\/div>\n\t\t<\/div>\n\t\t\t\t\t<\/div>\n\t\t<\/section>\n\t\t\t\t<div class=\"elementor-element elementor-element-c6904fb elementor-widget elementor-widget-toggle\" data-id=\"c6904fb\" data-element_type=\"widget\" data-widget_type=\"toggle.default\">\n\t\t\t\t<div class=\"elementor-widget-container\">\n\t\t\t\t\t\t\t<div class=\"elementor-toggle\">\n\t\t\t\t\t\t\t<div class=\"elementor-toggle-item\">\n\t\t\t\t\t<div id=\"elementor-tab-title-2081\" class=\"elementor-tab-title\" data-tab=\"1\" role=\"button\" aria-controls=\"elementor-tab-content-2081\" aria-expanded=\"false\">\n\t\t\t\t\t\t\t\t\t\t\t\t<span class=\"elementor-toggle-icon elementor-toggle-icon-left\" aria-hidden=\"true\">\n\t\t\t\t\t\t\t\t\t\t\t\t\t\t\t<span class=\"elementor-toggle-icon-closed\"><i class=\"fas fa-caret-right\"><\/i><\/span>\n\t\t\t\t\t\t\t\t<span class=\"elementor-toggle-icon-opened\"><i class=\"elementor-toggle-icon-opened fas fa-caret-up\"><\/i><\/span>\n\t\t\t\t\t\t\t\t\t\t\t\t\t<\/span>\n\t\t\t\t\t\t\t\t\t\t\t\t<a class=\"elementor-toggle-title\" tabindex=\"0\">M\u00f6glichkeiten f\u00fcr Ehrenamtliche:<\/a>\n\t\t\t\t\t<\/div>\n\n\t\t\t\t\t<div id=\"elementor-tab-content-2081\" class=\"elementor-tab-content elementor-clearfix\" data-tab=\"1\" role=\"region\" aria-labelledby=\"elementor-tab-title-2081\"><ul><li>Vortr\u00e4ge halten<\/li><li>Gemeinsam musizieren\/tanzen\/spielen\/lesen<\/li><li>\u201ekleiner Sprachkurs\u201c<\/li><li>(gemeinsames) Zubereiten von typischen Landesspezialit\u00e4ten<\/li><\/ul><\/div>\n\t\t\t\t<\/div>\n\t\t\t\t\t\t\t<div class=\"elementor-toggle-item\">\n\t\t\t\t\t<div id=\"elementor-tab-title-2082\" class=\"elementor-tab-title\" data-tab=\"2\" role=\"button\" aria-controls=\"elementor-tab-content-2082\" aria-expanded=\"false\">\n\t\t\t\t\t\t\t\t\t\t\t\t<span class=\"elementor-toggle-icon elementor-toggle-icon-left\" aria-hidden=\"true\">\n\t\t\t\t\t\t\t\t\t\t\t\t\t\t\t<span class=\"elementor-toggle-icon-closed\"><i class=\"fas fa-caret-right\"><\/i><\/span>\n\t\t\t\t\t\t\t\t<span class=\"elementor-toggle-icon-opened\"><i class=\"elementor-toggle-icon-opened fas fa-caret-up\"><\/i><\/span>\n\t\t\t\t\t\t\t\t\t\t\t\t\t<\/span>\n\t\t\t\t\t\t\t\t\t\t\t\t<a class=\"elementor-toggle-title\" tabindex=\"0\">Wir bieten:<\/a>\n\t\t\t\t\t<\/div>\n\n\t\t\t\t\t<div id=\"elementor-tab-content-2082\" class=\"elementor-tab-content elementor-clearfix\" data-tab=\"2\" role=\"region\" aria-labelledby=\"elementor-tab-title-2082\"><ul><li>Begleitung w\u00e4hrend des Projektes durch Fachkraft<\/li><li>kostenlose Workshops zu verschiedenen Themen<\/li><li>Erfahrungsaustausch<\/li><li>Material und Ideen<\/li><\/ul><\/div>\n\t\t\t\t<\/div>\n\t\t\t\t\t\t\t\t<\/div>\n\t\t\t\t\t\t<\/div>\n\t\t\t\t<\/div>\n\t\t\t\t<div class=\"elementor-element elementor-element-a2c81b1 elementor-widget-divider--view-line elementor-widget elementor-widget-divider\" data-id=\"a2c81b1\" data-element_type=\"widget\" data-widget_type=\"divider.default\">\n\t\t\t\t<div class=\"elementor-widget-container\">\n\t\t\t\t\t\t\t<div class=\"elementor-divider\">\n\t\t\t<span class=\"elementor-divider-separator\">\n\t\t\t\t\t\t<\/span>\n\t\t<\/div>\n\t\t\t\t\t\t<\/div>\n\t\t\t\t<\/div>\n\t\t\t\t<section class=\"elementor-section elementor-inner-section elementor-element elementor-element-4f4ecd3 elementor-section-boxed elementor-section-height-default elementor-section-height-default\" data-id=\"4f4ecd3\" data-element_type=\"section\">\n\t\t\t\t\t\t<div class=\"elementor-container elementor-column-gap-default\">\n\t\t\t\t\t<div class=\"elementor-column elementor-col-33 elementor-inner-column elementor-element elementor-element-c0a9eb3\" data-id=\"c0a9eb3\" data-element_type=\"column\">\n\t\t\t<div class=\"elementor-widget-wrap elementor-element-populated\">\n\t\t\t\t\t\t<div class=\"elementor-element elementor-element-c7e7174 elementor-widget elementor-widget-image\" data-id=\"c7e7174\" data-element_type=\"widget\" data-widget_type=\"image.default\">\n\t\t\t\t<div class=\"elementor-widget-container\">\n\t\t\t\t\t\t\t\t\t\t\t\t\t\t\t<img fetchpriority=\"high\" decoding=\"async\" width=\"1024\" height=\"374\" src=\"https:\/\/www.freiwilligen-zentrum-bayreuth.de\/wp\/wp-content\/uploads\/2025\/08\/LO5E251-1024x374.png\" class=\"attachment-large size-large wp-image-5816\" alt=\"\" srcset=\"https:\/\/www.freiwilligen-zentrum-bayreuth.de\/wp\/wp-content\/uploads\/2025\/08\/LO5E251-1024x374.png 1024w, https:\/\/www.freiwilligen-zentrum-bayreuth.de\/wp\/wp-content\/uploads\/2025\/08\/LO5E251-300x110.png 300w, https:\/\/www.freiwilligen-zentrum-bayreuth.de\/wp\/wp-content\/uploads\/2025\/08\/LO5E251-768x281.png 768w, https:\/\/www.freiwilligen-zentrum-bayreuth.de\/wp\/wp-content\/uploads\/2025\/08\/LO5E251-1536x561.png 1536w, https:\/\/www.freiwilligen-zentrum-bayreuth.de\/wp\/wp-content\/uploads\/2025\/08\/LO5E251.png 1891w\" sizes=\"(max-width: 1024px) 100vw, 1024px\" \/>\t\t\t\t\t\t\t\t\t\t\t\t\t\t\t<\/div>\n\t\t\t\t<\/div>\n\t\t\t\t\t<\/div>\n\t\t<\/div>\n\t\t\t\t<div class=\"elementor-column elementor-col-33 elementor-inner-column elementor-element elementor-element-70ec7aa\" data-id=\"70ec7aa\" data-element_type=\"column\">\n\t\t\t<div class=\"elementor-widget-wrap elementor-element-populated\">\n\t\t\t\t\t\t<div class=\"elementor-element elementor-element-bd1d8f9 elementor-widget elementor-widget-text-editor\" data-id=\"bd1d8f9\" data-element_type=\"widget\" data-widget_type=\"text-editor.default\">\n\t\t\t\t<div class=\"elementor-widget-container\">\n\t\t\t\t\t\t\t\t\t<h5><span style=\"color: #000000;\">Ein Projekt der<\/span><\/h5>\t\t\t\t\t\t\t\t<\/div>\n\t\t\t\t<\/div>\n\t\t\t\t<div class=\"elementor-element elementor-element-fb891c8 elementor-widget elementor-widget-image\" data-id=\"fb891c8\" data-element_type=\"widget\" data-widget_type=\"image.default\">\n\t\t\t\t<div class=\"elementor-widget-container\">\n\t\t\t\t\t\t\t\t\t\t\t\t\t\t\t<img decoding=\"async\" width=\"1000\" height=\"345\" src=\"https:\/\/www.freiwilligen-zentrum-bayreuth.de\/wp\/wp-content\/uploads\/2023\/09\/lagfa-Logo_2019_rgb.png\" class=\"attachment-large size-large wp-image-4377\" alt=\"\" srcset=\"https:\/\/www.freiwilligen-zentrum-bayreuth.de\/wp\/wp-content\/uploads\/2023\/09\/lagfa-Logo_2019_rgb.png 1000w, https:\/\/www.freiwilligen-zentrum-bayreuth.de\/wp\/wp-content\/uploads\/2023\/09\/lagfa-Logo_2019_rgb-300x104.png 300w, https:\/\/www.freiwilligen-zentrum-bayreuth.de\/wp\/wp-content\/uploads\/2023\/09\/lagfa-Logo_2019_rgb-768x265.png 768w\" sizes=\"(max-width: 1000px) 100vw, 1000px\" \/>\t\t\t\t\t\t\t\t\t\t\t\t\t\t\t<\/div>\n\t\t\t\t<\/div>\n\t\t\t\t\t<\/div>\n\t\t<\/div>\n\t\t\t\t<div class=\"elementor-column elementor-col-33 elementor-inner-column elementor-element elementor-element-ce17583\" data-id=\"ce17583\" data-element_type=\"column\">\n\t\t\t<div class=\"elementor-widget-wrap elementor-element-populated\">\n\t\t\t\t\t\t<div class=\"elementor-element elementor-element-32db291 elementor-widget elementor-widget-text-editor\" data-id=\"32db291\" data-element_type=\"widget\" data-widget_type=\"text-editor.default\">\n\t\t\t\t<div class=\"elementor-widget-container\">\n\t\t\t\t\t\t\t\t\t<h5><span style=\"color: #000000;\">Gef\u00f6rdert durch das<\/span><\/h5>\t\t\t\t\t\t\t\t<\/div>\n\t\t\t\t<\/div>\n\t\t\t\t<div class=\"elementor-element elementor-element-103f052 elementor-widget elementor-widget-image\" data-id=\"103f052\" data-element_type=\"widget\" data-widget_type=\"image.default\">\n\t\t\t\t<div class=\"elementor-widget-container\">\n\t\t\t\t\t\t\t\t\t\t\t\t\t\t\t<img decoding=\"async\" width=\"1024\" height=\"411\" src=\"https:\/\/www.freiwilligen-zentrum-bayreuth.de\/wp\/wp-content\/uploads\/2023\/09\/StMAS-WBM-2018_2zliunten_rgb-1024x411.jpg\" class=\"attachment-large size-large wp-image-4395\" alt=\"\" srcset=\"https:\/\/www.freiwilligen-zentrum-bayreuth.de\/wp\/wp-content\/uploads\/2023\/09\/StMAS-WBM-2018_2zliunten_rgb-1024x411.jpg 1024w, https:\/\/www.freiwilligen-zentrum-bayreuth.de\/wp\/wp-content\/uploads\/2023\/09\/StMAS-WBM-2018_2zliunten_rgb-300x120.jpg 300w, https:\/\/www.freiwilligen-zentrum-bayreuth.de\/wp\/wp-content\/uploads\/2023\/09\/StMAS-WBM-2018_2zliunten_rgb-768x308.jpg 768w, https:\/\/www.freiwilligen-zentrum-bayreuth.de\/wp\/wp-content\/uploads\/2023\/09\/StMAS-WBM-2018_2zliunten_rgb.jpg 1069w\" sizes=\"(max-width: 1024px) 100vw, 1024px\" \/>\t\t\t\t\t\t\t\t\t\t\t\t\t\t\t<\/div>\n\t\t\t\t<\/div>\n\t\t\t\t\t<\/div>\n\t\t<\/div>\n\t\t\t\t\t<\/div>\n\t\t<\/section>\n\t\t\t\t\t<\/div>\n\t\t<\/div>\n\t\t\t\t\t<\/div>\n\t\t<\/section>\n\t\t\t\t<\/div>\n\t\t","protected":false},"excerpt":{"rendered":"<p>Meine Welt &#8211; Deine Welt Meine Welt \u2013 Deine Welt: Sprach- und Kulturvermittlung Wir wollen Migrantinnen und Migranten eine M\u00f6glichkeit geben, sich freiwillig zu engagieren, indem sie Kindern, Erwachsenen und [&hellip;]<\/p>\n","protected":false},"author":12,"featured_media":0,"parent":0,"menu_order":0,"comment_status":"closed","ping_status":"closed","template":"","meta":{"ocean_post_layout":"","ocean_both_sidebars_style":"","ocean_both_sidebars_content_width":0,"ocean_both_sidebars_sidebars_width":0,"ocean_sidebar":"0","ocean_second_sidebar":"0","ocean_disable_margins":"enable","ocean_add_body_class":"","ocean_shortcode_before_top_bar":"","ocean_shortcode_after_top_bar":"","ocean_shortcode_before_header":"","ocean_shortcode_after_header":"","ocean_has_shortcode":"","ocean_shortcode_after_title":"","ocean_shortcode_before_footer_widgets":"","ocean_shortcode_after_footer_widgets":"","ocean_shortcode_before_footer_bottom":"","ocean_shortcode_after_footer_bottom":"","ocean_display_top_bar":"default","ocean_display_header":"default","ocean_header_style":"","ocean_center_header_left_menu":"0","ocean_custom_header_template":"0","ocean_custom_logo":0,"ocean_custom_retina_logo":0,"ocean_custom_logo_max_width":0,"ocean_custom_logo_tablet_max_width":0,"ocean_custom_logo_mobile_max_width":0,"ocean_custom_logo_max_height":0,"ocean_custom_logo_tablet_max_height":0,"ocean_custom_logo_mobile_max_height":0,"ocean_header_custom_menu":"0","ocean_menu_typo_font_family":"0","ocean_menu_typo_font_subset":"","ocean_menu_typo_font_size":0,"ocean_menu_typo_font_size_tablet":0,"ocean_menu_typo_font_size_mobile":0,"ocean_menu_typo_font_size_unit":"px","ocean_menu_typo_font_weight":"","ocean_menu_typo_font_weight_tablet":"","ocean_menu_typo_font_weight_mobile":"","ocean_menu_typo_transform":"","ocean_menu_typo_transform_tablet":"","ocean_menu_typo_transform_mobile":"","ocean_menu_typo_line_height":0,"ocean_menu_typo_line_height_tablet":0,"ocean_menu_typo_line_height_mobile":0,"ocean_menu_typo_line_height_unit":"","ocean_menu_typo_spacing":0,"ocean_menu_typo_spacing_tablet":0,"ocean_menu_typo_spacing_mobile":0,"ocean_menu_typo_spacing_unit":"","ocean_menu_link_color":"","ocean_menu_link_color_hover":"","ocean_menu_link_color_active":"","ocean_menu_link_background":"","ocean_menu_link_hover_background":"","ocean_menu_link_active_background":"","ocean_menu_social_links_bg":"","ocean_menu_social_hover_links_bg":"","ocean_menu_social_links_color":"","ocean_menu_social_hover_links_color":"","ocean_disable_title":"default","ocean_disable_heading":"default","ocean_post_title":"","ocean_post_subheading":"","ocean_post_title_style":"","ocean_post_title_background_color":"","ocean_post_title_background":0,"ocean_post_title_bg_image_position":"","ocean_post_title_bg_image_attachment":"","ocean_post_title_bg_image_repeat":"","ocean_post_title_bg_image_size":"","ocean_post_title_height":0,"ocean_post_title_bg_overlay":0.5,"ocean_post_title_bg_overlay_color":"","ocean_disable_breadcrumbs":"default","ocean_breadcrumbs_color":"","ocean_breadcrumbs_separator_color":"","ocean_breadcrumbs_links_color":"","ocean_breadcrumbs_links_hover_color":"","ocean_display_footer_widgets":"default","ocean_display_footer_bottom":"default","ocean_custom_footer_template":"0","footnotes":""},"class_list":["post-163","page","type-page","status-publish","hentry","entry"],"_links":{"self":[{"href":"https:\/\/www.freiwilligen-zentrum-bayreuth.de\/wp\/wp-json\/wp\/v2\/pages\/163"}],"collection":[{"href":"https:\/\/www.freiwilligen-zentrum-bayreuth.de\/wp\/wp-json\/wp\/v2\/pages"}],"about":[{"href":"https:\/\/www.freiwilligen-zentrum-bayreuth.de\/wp\/wp-json\/wp\/v2\/types\/page"}],"author":[{"embeddable":true,"href":"https:\/\/www.freiwilligen-zentrum-bayreuth.de\/wp\/wp-json\/wp\/v2\/users\/12"}],"replies":[{"embeddable":true,"href":"https:\/\/www.freiwilligen-zentrum-bayreuth.de\/wp\/wp-json\/wp\/v2\/comments?post=163"}],"version-history":[{"count":27,"href":"https:\/\/www.freiwilligen-zentrum-bayreuth.de\/wp\/wp-json\/wp\/v2\/pages\/163\/revisions"}],"predecessor-version":[{"id":6208,"href":"https:\/\/www.freiwilligen-zentrum-bayreuth.de\/wp\/wp-json\/wp\/v2\/pages\/163\/revisions\/6208"}],"wp:attachment":[{"href":"https:\/\/www.freiwilligen-zentrum-bayreuth.de\/wp\/wp-json\/wp\/v2\/media?parent=163"}],"curies":[{"name":"wp","href":"https:\/\/api.w.org\/{rel}","templated":true}]}}